{"id":7753,"date":"2018-02-12T15:52:58","date_gmt":"2018-02-12T15:52:58","guid":{"rendered":"https:\/\/www.ccpe-cfpc.org\/?page_id=7753"},"modified":"2025-07-16T08:06:53","modified_gmt":"2025-07-16T12:06:53","slug":"our-team","status":"publish","type":"page","link":"https:\/\/www.ccpe-cfpc.org\/fr\/our-team\/","title":{"rendered":"Notre \u00e9quipe"},"content":{"rendered":"<div class=\"wpb-content-wrapper\"><p>[vc_row css=&#8221;.vc_custom_1471019067901{padding-top: 30px !important;}&#8221;][vc_column][vc_column_text css=&#8221;.vc_custom_1554817607393{margin-bottom: 0px !important;padding-bottom: 0px !important;}&#8221;]<\/p>\n<h1 style=\"text-align: center;\">L&#8217;\u00e9quipe du CFPC<\/h1>\n<p>[\/vc_column_text][vc_separator color=&#8221;custom&#8221; border_width=&#8221;5&#8243; el_width=&#8221;10&#8243; accent_color=&#8221;#00539f&#8221;][vc_column_text]<\/p>\n<h2 style=\"text-align: center;\">Le conseil d&#8217;administration du CFPC<\/h2>\n<p>[\/vc_column_text][vc_column_text]<\/p>\n<p style=\"text-align: center;\"><span style=\"font-weight: 400;\">Notre conseil se compose d\u2019administrateurs b\u00e9n\u00e9voles \u00e9lus au sein des soci\u00e9t\u00e9s membres. Les \u00e9lections ont lieu chaque ann\u00e9e, \u00e0 l\u2019automne.<\/span><\/p>\n<p>[\/vc_column_text][\/vc_column][\/vc_row][vc_row][vc_column][vc_column_text]<\/p>\n<h3 style=\"text-align: center; padding-bottom: 1%;\"><b>Pr\u00e9sident<\/b><\/h3>\n<p>[\/vc_column_text][vc_row_inner][vc_column_inner width=&#8221;1\/3&#8243;][\/vc_column_inner][vc_column_inner width=&#8221;1\/3&#8243;][vc_single_image image=&#8221;21969&#8243; alignment=&#8221;center&#8221; style=&#8221;vc_box_shadow_circle_2&#8243;][vc_column_text]<\/p>\n<h5 style=\"text-align: center;\"><span style=\"font-weight: 400;\">Mihai Csaki<\/span><\/h5>\n<h6 style=\"text-align: center;\"><span style=\"font-weight: 400;\">Paladin<\/span><\/h6>\n<p>[\/vc_column_text][\/vc_column_inner][vc_column_inner width=&#8221;1\/3&#8243;][\/vc_column_inner][\/vc_row_inner][\/vc_column][\/vc_row][vc_row css=&#8221;.vc_custom_1512491955266{margin-top: -3% !important;}&#8221;][vc_column][vc_column_text css=&#8221;&#8221;]<\/p>\n<h3 style=\"text-align: center; padding-bottom: 1%;\"><b>Directeurs\/directrices<\/b><\/h3>\n<p>[\/vc_column_text][vc_row_inner][vc_column_inner width=&#8221;1\/3&#8243;][vc_single_image image=&#8221;24619&#8243; alignment=&#8221;center&#8221; style=&#8221;vc_box_shadow_circle_2&#8243; css=&#8221;&#8221;][vc_column_text css=&#8221;&#8221;]<\/p>\n<h5 style=\"text-align: center;\"><span style=\"font-weight: 400;\">Jody Franklin<\/span><\/h5>\n<h6 style=\"text-align: center;\"><span style=\"font-weight: 400;\">CPhA<\/span><\/h6>\n<p>[\/vc_column_text][\/vc_column_inner][vc_column_inner width=&#8221;1\/3&#8243;][vc_single_image image=&#8221;20752&#8243; alignment=&#8221;center&#8221; style=&#8221;vc_box_shadow_circle_2&#8243;][vc_column_text css=&#8221;&#8221;]<\/p>\n<h5 style=\"text-align: center;\"><span style=\"font-weight: 400;\">Frank Fascinato<\/span><\/h5>\n<h6 style=\"text-align: center;\"><span style=\"font-weight: 400;\">Ind\u00e9pendant<\/span><\/h6>\n<p>[\/vc_column_text][\/vc_column_inner][vc_column_inner width=&#8221;1\/3&#8243;][vc_single_image image=&#8221;20760&#8243; alignment=&#8221;center&#8221; style=&#8221;vc_box_shadow_circle_2&#8243;][vc_column_text]<\/p>\n<h5 style=\"text-align: center;\"><span style=\"font-weight: 400;\">No\u00ebl Lewis<\/span><\/h5>\n<h6 style=\"text-align: center;\"><span style=\"font-weight: 400;\">Ind\u00e9pendant<\/span><\/h6>\n<p>[\/vc_column_text][\/vc_column_inner][\/vc_row_inner][vc_row_inner][vc_column_inner width=&#8221;1\/2&#8243;][vc_single_image image=&#8221;24621&#8243; alignment=&#8221;center&#8221; style=&#8221;vc_box_shadow_circle_2&#8243; css=&#8221;&#8221;][vc_column_text css=&#8221;&#8221;]<\/p>\n<h5 style=\"text-align: center;\"><span style=\"font-weight: 400;\">Morgan McNaughton<\/span><\/h5>\n<h6 style=\"text-align: center;\"><span style=\"font-weight: 400;\">UCB<\/span><\/h6>\n<p>[\/vc_column_text][\/vc_column_inner][vc_column_inner width=&#8221;1\/2&#8243;][vc_single_image image=&#8221;24623&#8243; alignment=&#8221;center&#8221; style=&#8221;vc_box_shadow_circle_2&#8243; css=&#8221;&#8221;][vc_column_text css=&#8221;&#8221;]<\/p>\n<h5 style=\"text-align: center;\"><span style=\"font-weight: 400;\">Petra Kodeda<\/span><\/h5>\n<h6 style=\"text-align: center;\"><span style=\"font-weight: 400;\">SRx Healthcare Solutions<\/span><\/h6>\n<p>[\/vc_column_text][\/vc_column_inner][\/vc_row_inner][\/vc_column][\/vc_row][vc_row css=&#8221;.vc_custom_1512491962850{margin-top: -3% !important;}&#8221;][vc_column][vc_column_text css=&#8221;&#8221;]<\/p>\n<h3 style=\"text-align: center; padding-bottom: 1%;\">D\u00e9l\u00e9gu\u00e9(e)s r\u00e9gionaux &#8211; Directeurs\/directrices<\/h3>\n<p>[\/vc_column_text][vc_row_inner][vc_column_inner width=&#8221;1\/3&#8243;][vc_single_image image=&#8221;24617&#8243; alignment=&#8221;center&#8221; style=&#8221;vc_box_shadow_circle_2&#8243; css=&#8221;&#8221;][vc_column_text css=&#8221;&#8221;]<\/p>\n<h4 style=\"text-align: center;\"><strong>D\u00e9l\u00e9gu\u00e9(e) r\u00e9gion du Pacifique<\/strong><\/h4>\n<h5 style=\"text-align: center;\"><span style=\"font-weight: 400;\">Samantha Burugu<\/span><\/h5>\n<h6 style=\"text-align: center;\"><span style=\"font-weight: 400;\">Grifols<\/span><\/h6>\n<p>[\/vc_column_text][\/vc_column_inner][vc_column_inner width=&#8221;1\/3&#8243;][vc_single_image image=&#8221;7758&#8243; alignment=&#8221;center&#8221; style=&#8221;vc_box_shadow_circle_2&#8243;][vc_column_text]<\/p>\n<h4 style=\"text-align: center;\"><strong>D\u00e9l\u00e9gu\u00e9(e) r\u00e9gion des Prairies<\/strong><\/h4>\n<h5 style=\"text-align: center;\"><span style=\"font-weight: 400;\">En attente de candidature<\/span><\/h5>\n<h6 style=\"text-align: center;\"><span style=\"font-weight: 400;\">\u00c0 d\u00e9terminer<\/span><\/h6>\n<p>[\/vc_column_text][\/vc_column_inner][vc_column_inner width=&#8221;1\/3&#8243;][vc_single_image image=&#8221;24615&#8243; alignment=&#8221;center&#8221; style=&#8221;vc_box_shadow_circle_2&#8243; css=&#8221;&#8221;][vc_column_text css=&#8221;&#8221;]<\/p>\n<h4 style=\"text-align: center;\"><strong>D\u00e9l\u00e9gu\u00e9(e) r\u00e9gion de l&#8217;Atlantique<\/strong><\/h4>\n<h5 style=\"text-align: center;\"><span style=\"font-weight: 400;\">Doris Hollihan<\/span><\/h5>\n<h6 style=\"text-align: center;\"><span style=\"font-weight: 400;\">Ipsen<\/span><\/h6>\n<p>[\/vc_column_text][\/vc_column_inner][\/vc_row_inner][\/vc_column][\/vc_row][vc_row css=&#8221;.vc_custom_1512491962850{margin-top: -3% !important;}&#8221;][vc_column][vc_column_text]<\/p>\n<h3 style=\"text-align: center; padding-bottom: 1%;\"><b>D\u00e9l\u00e9gu\u00e9(e)s de l\u2019Ontario <\/b><\/h3>\n<p>[\/vc_column_text][vc_row_inner][vc_column_inner width=&#8221;1\/3&#8243;][vc_single_image image=&#8221;21969&#8243; alignment=&#8221;center&#8221; style=&#8221;vc_box_shadow_circle_2&#8243;][vc_column_text]<\/p>\n<h5 style=\"text-align: center;\"><span style=\"font-weight: 400;\">Mihai Csaki<\/span><\/h5>\n<h6 style=\"text-align: center;\"><span style=\"font-weight: 400;\">Paladin<\/span><\/h6>\n<p>[\/vc_column_text][\/vc_column_inner][vc_column_inner width=&#8221;1\/3&#8243;][vc_single_image image=&#8221;24559&#8243; alignment=&#8221;center&#8221; style=&#8221;vc_box_shadow_circle_2&#8243;][vc_column_text]<\/p>\n<h5 style=\"text-align: center;\"><span style=\"font-weight: 400;\">Natasha Davies<\/span><\/h5>\n<h6 style=\"text-align: center;\"><span style=\"font-weight: 400;\">Grifols<\/span><\/h6>\n<p>[\/vc_column_text][\/vc_column_inner][vc_column_inner width=&#8221;1\/3&#8243;][vc_single_image image=&#8221;24392&#8243; alignment=&#8221;center&#8221; style=&#8221;vc_box_shadow_circle_2&#8243;][vc_column_text]<\/p>\n<h5 style=\"text-align: center;\"><span style=\"font-weight: 400;\">Jacqueline McCarles<\/span><\/h5>\n<h6 style=\"text-align: center;\"><span style=\"font-weight: 400;\">Organon<\/span><\/h6>\n<p>[\/vc_column_text][\/vc_column_inner][\/vc_row_inner][\/vc_column][\/vc_row][vc_row css=&#8221;.vc_custom_1512491962850{margin-top: -3% !important;}&#8221;][vc_column][vc_column_text]<\/p>\n<h3 style=\"text-align: center; padding-bottom: 1%;\"><b>D\u00e9l\u00e9gu\u00e9(e)s du Qu\u00e9bec<\/b><\/h3>\n<p>[\/vc_column_text][vc_row_inner][vc_column_inner width=&#8221;1\/2&#8243;][vc_single_image image=&#8221;7758&#8243; alignment=&#8221;center&#8221; style=&#8221;vc_box_shadow_circle_2&#8243;][vc_column_text]<\/p>\n<h5 style=\"text-align: center;\"><span style=\"font-weight: 400;\">En attente de candidature<\/span><\/h5>\n<h6 style=\"text-align: center;\"><span style=\"font-weight: 400;\">\u00c0 d\u00e9teminer<\/span><\/h6>\n<p>[\/vc_column_text][\/vc_column_inner][vc_column_inner width=&#8221;1\/2&#8243;][vc_single_image image=&#8221;7758&#8243; alignment=&#8221;center&#8221; style=&#8221;vc_box_shadow_circle_2&#8243;][vc_column_text]<\/p>\n<h5 style=\"text-align: center;\"><span style=\"font-weight: 400;\">En attente de candidature<\/span><\/h5>\n<h6 style=\"text-align: center;\"><span style=\"font-weight: 400;\">\u00c0 d\u00e9terminer<\/span><\/h6>\n<p>[\/vc_column_text][\/vc_column_inner][\/vc_row_inner][\/vc_column][\/vc_row][vc_row css=&#8221;.vc_custom_1471019067901{padding-top: 30px !important;}&#8221;][vc_column]<div class=\"thim-widget-heading template-base\"><div class=\"sc_heading  text-center\"><h3 style=\"text-transform: uppercase;\" class=\"title\">L'\u00c9quipe du CFPC<\/h3><span style=\"background-color:#00539f\" class=\"line\"><\/span><\/div><\/div>[vc_column_text]<\/p>\n<p style=\"text-align: center;\"><span style=\"font-weight: 400;\">Notre \u00e9quipe est d\u00e9termin\u00e9e \u00e0 offrir des programmes \u00e9ducatifs de haut niveau. Nous travaillons d\u2019arrache-pied pour faciliter votre r\u00e9ussite en proposant des cours qui appuient une gamme importante de postes.<\/span><\/p>\n<p>[\/vc_column_text][\/vc_column][\/vc_row][vc_row css=&#8221;.vc_custom_1512491962850{margin-top: -3% !important;}&#8221;][vc_column][vc_row_inner][vc_column_inner][vc_single_image image=&#8221;22752&#8243; alignment=&#8221;center&#8221; style=&#8221;vc_box_shadow_circle_2&#8243;][vc_column_text]<\/p>\n<h5 style=\"text-align: center;\"><a href=\"mailto: jshea@ccpe-cfpc.org\"><span style=\"font-weight: 400;\">Jim Shea<\/span><\/a><\/h5>\n<h6 style=\"text-align: center;\"><span style=\"font-weight: 400;\">Directeur g\u00e9n\u00e9ral<\/span><\/h6>\n<p>[\/vc_column_text][\/vc_column_inner][\/vc_row_inner][vc_row_inner][vc_column_inner width=&#8221;1\/3&#8243;][vc_column_text]<\/p>\n<h5 style=\"text-align: center;\"><span style=\"font-weight: 400;\">Alain Bouchat<\/span><\/h5>\n<h6 style=\"text-align: center;\"><span style=\"font-weight: 400;\">Gestionnaire des syst\u00e8mes clients<\/span><\/h6>\n<p>[\/vc_column_text][\/vc_column_inner][vc_column_inner width=&#8221;1\/3&#8243;][vc_column_text]<\/p>\n<h5 style=\"text-align: center;\"><span style=\"font-weight: 400;\">Yves Gendron<\/span><\/h5>\n<h6 style=\"text-align: center;\"><span style=\"font-weight: 400;\">Chef de la logistique et du support technologique<\/span><\/h6>\n<p>[\/vc_column_text][\/vc_column_inner][vc_column_inner width=&#8221;1\/3&#8243;][vc_column_text]<\/p>\n<h5 style=\"text-align: center;\"><span style=\"font-weight: 400;\">Colleen Murphy<\/span><\/h5>\n<h6 style=\"text-align: center;\"><span style=\"font-weight: 400;\">Coordonnatrice du service \u00e0 la client\u00e8le (Membres associ\u00e9s)<\/span><\/h6>\n<p>[\/vc_column_text][\/vc_column_inner][\/vc_row_inner][\/vc_column][\/vc_row]<\/p>\n<\/div>","protected":false},"excerpt":{"rendered":"<p>[vc_row css=&#8221;.vc_custom_1471019067901{padding-top: 30px !important;}&#8221;][vc_column][vc_column_text css=&#8221;.vc_custom_1554817607393{margin-bottom: 0px !important;padding-bottom: 0px !important;}&#8221;] L&#8217;\u00e9quipe du CFPC [\/vc_column_text][vc_separator color=&#8221;custom&#8221; border_width=&#8221;5&#8243; el_width=&#8221;10&#8243; accent_color=&#8221;#00539f&#8221;][vc_column_text] Le conseil d&#8217;administration du CFPC [\/vc_column_text][vc_column_text] Notre conseil se compose d\u2019administrateurs b\u00e9n\u00e9voles \u00e9lus au sein des soci\u00e9t\u00e9s membres. Les \u00e9lections ont lieu chaque &hellip; <\/p>\n","protected":false},"author":9,"featured_media":0,"parent":0,"menu_order":0,"comment_status":"closed","ping_status":"closed","template":"","meta":{"footnotes":""},"class_list":["post-7753","page","type-page","status-publish","hentry"],"yoast_head":"<!-- This site is optimized with the Yoast SEO plugin v25.6 - https:\/\/yoast.com\/wordpress\/plugins\/seo\/ -->\n<title>L&#039;\u00e9quipe du Conseil de formation pharmaceutique continue (CFPC)<\/title>\n<meta name=\"description\" content=\"Rencontrez l&#039;\u00e9quipe du Conseil de formation pharmaceutique continue (CFPC)\" \/>\n<meta name=\"robots\" content=\"index, follow, max-snippet:-1, max-image-preview:large, max-video-preview:-1\" \/>\n<link rel=\"canonical\" href=\"https:\/\/www.ccpe-cfpc.org\/fr\/our-team\/\" \/>\n<meta property=\"og:locale\" content=\"fr_FR\" \/>\n<meta property=\"og:type\" content=\"article\" \/>\n<meta property=\"og:title\" content=\"L&#039;\u00e9quipe du Conseil de formation pharmaceutique continue (CFPC)\" \/>\n<meta property=\"og:description\" content=\"Rencontrez l&#039;\u00e9quipe du Conseil de formation pharmaceutique continue (CFPC)\" \/>\n<meta property=\"og:url\" content=\"https:\/\/www.ccpe-cfpc.org\/fr\/our-team\/\" \/>\n<meta property=\"og:site_name\" content=\"CCPE-CFPC\" \/>\n<meta property=\"article:modified_time\" content=\"2025-07-16T12:06:53+00:00\" \/>\n<meta name=\"twitter:card\" content=\"summary_large_image\" \/>\n<meta name=\"twitter:label1\" content=\"Dur\u00e9e de lecture estim\u00e9e\" \/>\n\t<meta name=\"twitter:data1\" content=\"5 minutes\" \/>\n<script type=\"application\/ld+json\" class=\"yoast-schema-graph\">{\"@context\":\"https:\/\/schema.org\",\"@graph\":[{\"@type\":\"WebPage\",\"@id\":\"https:\/\/www.ccpe-cfpc.org\/fr\/our-team\/\",\"url\":\"https:\/\/www.ccpe-cfpc.org\/fr\/our-team\/\",\"name\":\"L'\u00e9quipe du Conseil de formation pharmaceutique continue (CFPC)\",\"isPartOf\":{\"@id\":\"https:\/\/www.ccpe-cfpc.org\/en\/#website\"},\"datePublished\":\"2018-02-12T15:52:58+00:00\",\"dateModified\":\"2025-07-16T12:06:53+00:00\",\"description\":\"Rencontrez l'\u00e9quipe du Conseil de formation pharmaceutique continue (CFPC)\",\"breadcrumb\":{\"@id\":\"https:\/\/www.ccpe-cfpc.org\/fr\/our-team\/#breadcrumb\"},\"inLanguage\":\"fr-FR\",\"potentialAction\":[{\"@type\":\"ReadAction\",\"target\":[\"https:\/\/www.ccpe-cfpc.org\/fr\/our-team\/\"]}]},{\"@type\":\"BreadcrumbList\",\"@id\":\"https:\/\/www.ccpe-cfpc.org\/fr\/our-team\/#breadcrumb\",\"itemListElement\":[{\"@type\":\"ListItem\",\"position\":1,\"name\":\"Home\",\"item\":\"https:\/\/www.ccpe-cfpc.org\/fr\/\"},{\"@type\":\"ListItem\",\"position\":2,\"name\":\"Notre \u00e9quipe\"}]},{\"@type\":\"WebSite\",\"@id\":\"https:\/\/www.ccpe-cfpc.org\/en\/#website\",\"url\":\"https:\/\/www.ccpe-cfpc.org\/en\/\",\"name\":\"CCPE-CFPC\",\"description\":\"\",\"potentialAction\":[{\"@type\":\"SearchAction\",\"target\":{\"@type\":\"EntryPoint\",\"urlTemplate\":\"https:\/\/www.ccpe-cfpc.org\/en\/?s={search_term_string}\"},\"query-input\":{\"@type\":\"PropertyValueSpecification\",\"valueRequired\":true,\"valueName\":\"search_term_string\"}}],\"inLanguage\":\"fr-FR\"}]}<\/script>\n<!-- \/ Yoast SEO plugin. -->","yoast_head_json":{"title":"L'\u00e9quipe du Conseil de formation pharmaceutique continue (CFPC)","description":"Rencontrez l'\u00e9quipe du Conseil de formation pharmaceutique continue (CFPC)","robots":{"index":"index","follow":"follow","max-snippet":"max-snippet:-1","max-image-preview":"max-image-preview:large","max-video-preview":"max-video-preview:-1"},"canonical":"https:\/\/www.ccpe-cfpc.org\/fr\/our-team\/","og_locale":"fr_FR","og_type":"article","og_title":"L'\u00e9quipe du Conseil de formation pharmaceutique continue (CFPC)","og_description":"Rencontrez l'\u00e9quipe du Conseil de formation pharmaceutique continue (CFPC)","og_url":"https:\/\/www.ccpe-cfpc.org\/fr\/our-team\/","og_site_name":"CCPE-CFPC","article_modified_time":"2025-07-16T12:06:53+00:00","twitter_card":"summary_large_image","twitter_misc":{"Dur\u00e9e de lecture estim\u00e9e":"5 minutes"},"schema":{"@context":"https:\/\/schema.org","@graph":[{"@type":"WebPage","@id":"https:\/\/www.ccpe-cfpc.org\/fr\/our-team\/","url":"https:\/\/www.ccpe-cfpc.org\/fr\/our-team\/","name":"L'\u00e9quipe du Conseil de formation pharmaceutique continue (CFPC)","isPartOf":{"@id":"https:\/\/www.ccpe-cfpc.org\/en\/#website"},"datePublished":"2018-02-12T15:52:58+00:00","dateModified":"2025-07-16T12:06:53+00:00","description":"Rencontrez l'\u00e9quipe du Conseil de formation pharmaceutique continue (CFPC)","breadcrumb":{"@id":"https:\/\/www.ccpe-cfpc.org\/fr\/our-team\/#breadcrumb"},"inLanguage":"fr-FR","potentialAction":[{"@type":"ReadAction","target":["https:\/\/www.ccpe-cfpc.org\/fr\/our-team\/"]}]},{"@type":"BreadcrumbList","@id":"https:\/\/www.ccpe-cfpc.org\/fr\/our-team\/#breadcrumb","itemListElement":[{"@type":"ListItem","position":1,"name":"Home","item":"https:\/\/www.ccpe-cfpc.org\/fr\/"},{"@type":"ListItem","position":2,"name":"Notre \u00e9quipe"}]},{"@type":"WebSite","@id":"https:\/\/www.ccpe-cfpc.org\/en\/#website","url":"https:\/\/www.ccpe-cfpc.org\/en\/","name":"CCPE-CFPC","description":"","potentialAction":[{"@type":"SearchAction","target":{"@type":"EntryPoint","urlTemplate":"https:\/\/www.ccpe-cfpc.org\/en\/?s={search_term_string}"},"query-input":{"@type":"PropertyValueSpecification","valueRequired":true,"valueName":"search_term_string"}}],"inLanguage":"fr-FR"}]}},"_links":{"self":[{"href":"https:\/\/www.ccpe-cfpc.org\/fr\/wp-json\/wp\/v2\/pages\/7753","targetHints":{"allow":["GET"]}}],"collection":[{"href":"https:\/\/www.ccpe-cfpc.org\/fr\/wp-json\/wp\/v2\/pages"}],"about":[{"href":"https:\/\/www.ccpe-cfpc.org\/fr\/wp-json\/wp\/v2\/types\/page"}],"author":[{"embeddable":true,"href":"https:\/\/www.ccpe-cfpc.org\/fr\/wp-json\/wp\/v2\/users\/9"}],"replies":[{"embeddable":true,"href":"https:\/\/www.ccpe-cfpc.org\/fr\/wp-json\/wp\/v2\/comments?post=7753"}],"version-history":[{"count":0,"href":"https:\/\/www.ccpe-cfpc.org\/fr\/wp-json\/wp\/v2\/pages\/7753\/revisions"}],"wp:attachment":[{"href":"https:\/\/www.ccpe-cfpc.org\/fr\/wp-json\/wp\/v2\/media?parent=7753"}],"curies":[{"name":"wp","href":"https:\/\/api.w.org\/{rel}","templated":true}]}}