{"id":10875,"date":"2019-01-03T10:30:11","date_gmt":"2019-01-03T15:30:11","guid":{"rendered":"https:\/\/www.ccpe-cfpc.org\/?page_id=10875"},"modified":"2025-02-24T14:17:41","modified_gmt":"2025-02-24T19:17:41","slug":"our-history","status":"publish","type":"page","link":"https:\/\/www.ccpe-cfpc.org\/fr\/our-history\/","title":{"rendered":"Notre histoire"},"content":{"rendered":"<div class=\"wpb-content-wrapper\"><p>[vc_row css=&#8221;.vc_custom_1471019067901{padding-top: 30px !important;}&#8221;][vc_column][vc_column_text css=&#8221;.vc_custom_1546527120121{margin-bottom: 0px !important;}&#8221;]<\/p>\n<h1 style=\"text-align: center;\">NOTRE HISTOIRE<\/h1>\n<p>[\/vc_column_text][vc_separator color=&#8221;custom&#8221; border_width=&#8221;5&#8243; el_width=&#8221;10&#8243; accent_color=&#8221;#00539f&#8221;][vc_column_text css=&#8221;.vc_custom_1546527218183{padding-right: 8% !important;padding-left: 8% !important;}&#8221;]<\/p>\n<h1 style=\"text-align: center;\">IL Y A PLUS DE 50 ANS: UNE ID\u00c9E PREND VIE<\/h1>\n<p>[\/vc_column_text][vc_column_text]<\/p>\n<p>Le 14 f\u00e9vrier 1967, les administrateurs de l&#8217;ACIM (maintenant MNC) ont charg\u00e9 leurs responsables du <em>Comit\u00e9 de l&#8217;\u00e9ducation<\/em> de la Section du marketing de constituer un comit\u00e9 charg\u00e9 de r\u00e9pondre aux questions suivantes:<\/p>\n<p>[\/vc_column_text][vc_column_text]<\/p>\n<ul>\n<li style=\"text-align: left;\"><span style=\"color: #5e5e5e;\"><strong>\u201cVoulons-nous que les repr\u00e9sentants m\u00e9dicaux r\u00e9pondent \u00e0 une norme?\u201d<\/strong><\/span><\/li>\n<li style=\"text-align: left;\"><span style=\"color: #5e5e5e;\"><strong>\u201cPourraient-ils gagner en reconnaissance gr\u00e2ce \u00e0 cette norme de certification?\u201d<\/strong><\/span><\/li>\n<li style=\"text-align: left;\"><span style=\"color: #5e5e5e;\"><strong>\u201cEst-il possible de maintenir la reconnaissance de cette norme?\u201d<\/strong><\/span><\/li>\n<\/ul>\n<p style=\"text-align: left;\"><strong><span style=\"color: #0473aa;\">La r\u00e9ponse aux trois questions fut oui. Il fut alors d\u00e9cid\u00e9 de cr\u00e9er une association d&#8217;agr\u00e9ment ind\u00e9pendante ainsi que d&#8217;un programme accompagnateur.<\/span><\/strong><\/p>\n<p><span style=\"color: #333333;\">Le projet de cr\u00e9ation de l&#8217;organisation et de son cours d&#8217;agr\u00e9ment se concr\u00e9tisa lors d&#8217;une r\u00e9union tenue en f\u00e9vrier 1969 avec des membres des groupes suivants, agissant en tant que conseillers :<\/span>[\/vc_column_text][vc_row_inner css=&#8221;.vc_custom_1640015819279{background-color: #f5f5f5 !important;}&#8221;][vc_column_inner width=&#8221;1\/3&#8243;][vc_column_text css=&#8221;.vc_custom_1740422994113{background-color: #FFFFFF !important;}&#8221;]<\/p>\n<p style=\"text-align: left;\"><strong>Association des facult\u00e9s de m\u00e9decine du Canada<\/strong><\/p>\n<p>[\/vc_column_text][vc_column_text css=&#8221;.vc_custom_1740423005733{background-color: #FFFFFF !important;}&#8221;]<\/p>\n<p style=\"text-align: left;\"><strong>Association des pharmaciens du Canada<\/strong><\/p>\n<p>[\/vc_column_text][\/vc_column_inner][vc_column_inner width=&#8221;1\/3&#8243;][vc_column_text css=&#8221;.vc_custom_1740423016023{background-color: #FFFFFF !important;}&#8221;]<\/p>\n<p style=\"text-align: left;\"><strong>Association des facult\u00e9s de pharmacie du Canada<\/strong><\/p>\n<p>[\/vc_column_text][vc_column_text css=&#8221;.vc_custom_1740423025694{background-color: #FFFFFF !important;}&#8221;]<\/p>\n<p style=\"text-align: left;\"><strong>Coll\u00e8ge des m\u00e9decins de famille du Canada<\/strong><\/p>\n<p>[\/vc_column_text][vc_column_text css=&#8221;.vc_custom_1740423037481{background-color: #FFFFFF !important;}&#8221;]<\/p>\n<p style=\"text-align: left;\"><strong>Association canadienne de l&#8217;industrie du m\u00e9dicament (ACIM)<\/strong><\/p>\n<p>[\/vc_column_text][\/vc_column_inner][vc_column_inner width=&#8221;1\/3&#8243;][vc_column_text css=&#8221;.vc_custom_1740423063517{background-color: #FFFFFF !important;}&#8221;]<\/p>\n<p style=\"text-align: left;\"><strong>Association m\u00e9dicale<br \/>\ncanadienne<\/strong><\/p>\n<p>[\/vc_column_text][vc_column_text css=&#8221;.vc_custom_1740423073945{background-color: #FFFFFF !important;}&#8221;]<\/p>\n<p style=\"text-align: left;\"><strong>Direction des aliments et des m\u00e9dicaments<\/strong><\/p>\n<p>[\/vc_column_text][\/vc_column_inner][\/vc_row_inner][vc_column_text]<\/p>\n<p>Le 30 mai 1969, au Dorval Hilton, des repr\u00e9sentants des organisations suivantes ont assist\u00e9 \u00e0 la premi\u00e8re r\u00e9union du conseil d\u2019administration:<\/p>\n<p>[\/vc_column_text][vc_row_inner css=&#8221;.vc_custom_1740423270453{background-color: #F5F5F5 !important;}&#8221;][vc_column_inner width=&#8221;1\/4&#8243;][vc_column_text css=&#8221;.vc_custom_1740424581076{background-color: #FFFFFF !important;}&#8221;]<\/p>\n<p style=\"text-align: center;\"><span style=\"color: #dd9933;\"><strong>Comit\u00e9 d&#8217;agr\u00e9ment de l&#8217;ACIM<br \/>\n(Schering et Ayerst)<\/strong><\/span><\/p>\n<p>[\/vc_column_text][\/vc_column_inner][vc_column_inner width=&#8221;1\/4&#8243;][vc_column_text css=&#8221;.vc_custom_1740424607294{background-color: #FFFFFF !important;}&#8221;]<\/p>\n<p style=\"text-align: center;\"><span style=\"color: #dd9933;\"><strong>A.F.Q.P.P.<br \/>\n(Octo et Pentagone)<\/strong><\/span><\/p>\n<p>[\/vc_column_text][\/vc_column_inner][vc_column_inner width=&#8221;1\/4&#8243;][vc_column_text css=&#8221;.vc_custom_1740424630055{background-color: #FFFFFF !important;}&#8221;]<\/p>\n<p style=\"text-align: center;\"><span style=\"color: #dd9933;\"><strong>Conseil d&#8217;administration de l&#8217;ACIM<br \/>\n(Robins)<\/strong><\/span><\/p>\n<p>[\/vc_column_text][\/vc_column_inner][vc_column_inner width=&#8221;1\/4&#8243;][vc_column_text css=&#8221;.vc_custom_1740424658976{background-color: #FFFFFF !important;}&#8221;]<\/p>\n<p style=\"text-align: center;\"><span style=\"color: #dd9933;\"><strong>Comit\u00e9 de marketing de l&#8217;ACIM<br \/>\nComit\u00e9 m\u00e9dical de l&#8217;ACIM<\/strong><\/span><\/p>\n<p>[\/vc_column_text][\/vc_column_inner][\/vc_row_inner][\/vc_column][\/vc_row][vc_row full_width=&#8221;stretch_row&#8221; parallax=&#8221;content-moving&#8221; parallax_image=&#8221;7638&#8243;][vc_column][vc_column_text]<\/p>\n<h4 style=\"text-align: center;\"><span style=\"color: #ffffff;\"><span style=\"font-weight: 400;\">Le 7 novembre 1969, une note de f\u00e9licitations du docteur A.F.W. Peart, secr\u00e9taire g\u00e9n\u00e9ral de l&#8217;Association m\u00e9dicale canadienne, a \u00e9t\u00e9 inscrite dans le proc\u00e8s-verbal au sujet de la cr\u00e9ation r\u00e9cente du <strong>Conseil pour l&#8217;agr\u00e9ment des repr\u00e9sentants des fabricants de produits pharmaceutiques du Canada (RAFPP)<\/strong><em>:<\/em><\/span><\/span><\/h4>\n<h3 style=\"text-align: center;\"><span style=\"color: #ffffff;\"><span style=\"font-weight: 400;\">\u201cJe tiens \u00e0 f\u00e9liciter l&#8217;ACIM d&#8217;avoir mis sur pied ce conseil d&#8217;agr\u00e9ment, car je pense qu&#8217;il contribuera grandement \u00e0 am\u00e9liorer les connaissances et les relations entre les repr\u00e9sentants du secteur pharmaceutique et la profession m\u00e9dicale au Canada&#8230;\u201d<\/span><\/span><\/h3>\n<p>[\/vc_column_text][\/vc_column][\/vc_row][vc_row][vc_column][vc_column_text]<\/p>\n<h1 style=\"text-align: center;\">INDUSTRIE INTELLIGENTE<\/h1>\n<p>[\/vc_column_text][vc_column_text]<\/p>\n<p>Dans les ann\u00e9es 50 et 60, les repr\u00e9sentants commerciaux, g\u00e9n\u00e9ralement appel\u00e9s <em>voyageurs de commerce<\/em> par les m\u00e9decins de l\u2019\u00e9poque, \u00e9taient souvent des marchandiseurs qui vendaient des m\u00e9dicaments. Le c\u00e9l\u00e8bre Frosst 222\u00ae est le num\u00e9ro de catalogue du comprim\u00e9 ASA, de cod\u00e9ine et de caf\u00e9ine de Charles Frosst et de la force de vente Frosst. Compos\u00e9e principalement d\u2019hommes, cette force parcourait le Canada, distribuant aux m\u00e9decins des millions de 222\u00ae. Ils n\u2019avaient pas \u00e0 discuter science. Mais avec l\u2019arriv\u00e9e sur le march\u00e9 d\u2019antibiotiques, d\u2019antihypertenseurs et d\u2019autres m\u00e9dicaments, ces <em>voyageurs<\/em>\u00a0n&#8217;eurent pas le choix: ils se devaient d&#8217;\u00e9voluer en repr\u00e9sentants scientifiques. Le professionnel de la vente pharmaceutique moderne travaillant dans la #smartindustry \u00e9tait n\u00e9, et le CFPC fut cr\u00e9\u00e9 pour faciliter cette \u00e9volution.<\/p>\n<p>[\/vc_column_text][\/vc_column][\/vc_row]<\/p>\n<\/div>","protected":false},"excerpt":{"rendered":"<p>[vc_row css=&#8221;.vc_custom_1471019067901{padding-top: 30px !important;}&#8221;][vc_column][vc_column_text css=&#8221;.vc_custom_1546527120121{margin-bottom: 0px !important;}&#8221;] NOTRE HISTOIRE [\/vc_column_text][vc_separator color=&#8221;custom&#8221; border_width=&#8221;5&#8243; el_width=&#8221;10&#8243; accent_color=&#8221;#00539f&#8221;][vc_column_text css=&#8221;.vc_custom_1546527218183{padding-right: 8% !important;padding-left: 8% !important;}&#8221;] IL Y A PLUS DE 50 ANS: UNE ID\u00c9E PREND VIE [\/vc_column_text][vc_column_text] Le 14 f\u00e9vrier 1967, les administrateurs de l&#8217;ACIM (maintenant &hellip; <\/p>\n","protected":false},"author":9,"featured_media":0,"parent":0,"menu_order":0,"comment_status":"closed","ping_status":"closed","template":"","meta":{"footnotes":""},"class_list":["post-10875","page","type-page","status-publish","hentry"],"yoast_head":"<!-- This site is optimized with the Yoast SEO plugin v25.6 - https:\/\/yoast.com\/wordpress\/plugins\/seo\/ -->\n<title>Tout savoir sur le Conseil de formation pharmaceutique continue (CFPC)<\/title>\n<meta name=\"description\" content=\"Le CFPC est une organisation \u00e0 but non-lucratif qui s&#039;assure que ceux qui travaillent dans l&#039;\u00e9ducation de la sant\u00e9 aient acc\u00e8s \u00e0 des cours accr\u00e9dit\u00e9s de m\u00e9decine afin qu&#039;ils puissent offrir des soins actuels et \u00e9clair\u00e9s.\" \/>\n<meta name=\"robots\" content=\"index, follow, max-snippet:-1, max-image-preview:large, max-video-preview:-1\" \/>\n<link rel=\"canonical\" href=\"https:\/\/www.ccpe-cfpc.org\/fr\/our-history\/\" \/>\n<meta property=\"og:locale\" content=\"fr_FR\" \/>\n<meta property=\"og:type\" content=\"article\" \/>\n<meta property=\"og:title\" content=\"Tout savoir sur le Conseil de formation pharmaceutique continue (CFPC)\" \/>\n<meta property=\"og:description\" content=\"Le CFPC est une organisation \u00e0 but non-lucratif qui s&#039;assure que ceux qui travaillent dans l&#039;\u00e9ducation de la sant\u00e9 aient acc\u00e8s \u00e0 des cours accr\u00e9dit\u00e9s de m\u00e9decine afin qu&#039;ils puissent offrir des soins actuels et \u00e9clair\u00e9s.\" \/>\n<meta property=\"og:url\" content=\"https:\/\/www.ccpe-cfpc.org\/fr\/our-history\/\" \/>\n<meta property=\"og:site_name\" content=\"CCPE-CFPC\" \/>\n<meta property=\"article:modified_time\" content=\"2025-02-24T19:17:41+00:00\" \/>\n<meta name=\"twitter:card\" content=\"summary_large_image\" \/>\n<meta name=\"twitter:label1\" content=\"Dur\u00e9e de lecture estim\u00e9e\" \/>\n\t<meta name=\"twitter:data1\" content=\"3 minutes\" \/>\n<script type=\"application\/ld+json\" class=\"yoast-schema-graph\">{\"@context\":\"https:\/\/schema.org\",\"@graph\":[{\"@type\":\"WebPage\",\"@id\":\"https:\/\/www.ccpe-cfpc.org\/fr\/our-history\/\",\"url\":\"https:\/\/www.ccpe-cfpc.org\/fr\/our-history\/\",\"name\":\"Tout savoir sur le Conseil de formation pharmaceutique continue (CFPC)\",\"isPartOf\":{\"@id\":\"https:\/\/www.ccpe-cfpc.org\/en\/#website\"},\"datePublished\":\"2019-01-03T15:30:11+00:00\",\"dateModified\":\"2025-02-24T19:17:41+00:00\",\"description\":\"Le CFPC est une organisation \u00e0 but non-lucratif qui s'assure que ceux qui travaillent dans l'\u00e9ducation de la sant\u00e9 aient acc\u00e8s \u00e0 des cours accr\u00e9dit\u00e9s de m\u00e9decine afin qu'ils puissent offrir des soins actuels et \u00e9clair\u00e9s.\",\"breadcrumb\":{\"@id\":\"https:\/\/www.ccpe-cfpc.org\/fr\/our-history\/#breadcrumb\"},\"inLanguage\":\"fr-FR\",\"potentialAction\":[{\"@type\":\"ReadAction\",\"target\":[\"https:\/\/www.ccpe-cfpc.org\/fr\/our-history\/\"]}]},{\"@type\":\"BreadcrumbList\",\"@id\":\"https:\/\/www.ccpe-cfpc.org\/fr\/our-history\/#breadcrumb\",\"itemListElement\":[{\"@type\":\"ListItem\",\"position\":1,\"name\":\"Home\",\"item\":\"https:\/\/www.ccpe-cfpc.org\/fr\/\"},{\"@type\":\"ListItem\",\"position\":2,\"name\":\"Notre histoire\"}]},{\"@type\":\"WebSite\",\"@id\":\"https:\/\/www.ccpe-cfpc.org\/en\/#website\",\"url\":\"https:\/\/www.ccpe-cfpc.org\/en\/\",\"name\":\"CCPE-CFPC\",\"description\":\"\",\"potentialAction\":[{\"@type\":\"SearchAction\",\"target\":{\"@type\":\"EntryPoint\",\"urlTemplate\":\"https:\/\/www.ccpe-cfpc.org\/en\/?s={search_term_string}\"},\"query-input\":{\"@type\":\"PropertyValueSpecification\",\"valueRequired\":true,\"valueName\":\"search_term_string\"}}],\"inLanguage\":\"fr-FR\"}]}<\/script>\n<!-- \/ Yoast SEO plugin. -->","yoast_head_json":{"title":"Tout savoir sur le Conseil de formation pharmaceutique continue (CFPC)","description":"Le CFPC est une organisation \u00e0 but non-lucratif qui s'assure que ceux qui travaillent dans l'\u00e9ducation de la sant\u00e9 aient acc\u00e8s \u00e0 des cours accr\u00e9dit\u00e9s de m\u00e9decine afin qu'ils puissent offrir des soins actuels et \u00e9clair\u00e9s.","robots":{"index":"index","follow":"follow","max-snippet":"max-snippet:-1","max-image-preview":"max-image-preview:large","max-video-preview":"max-video-preview:-1"},"canonical":"https:\/\/www.ccpe-cfpc.org\/fr\/our-history\/","og_locale":"fr_FR","og_type":"article","og_title":"Tout savoir sur le Conseil de formation pharmaceutique continue (CFPC)","og_description":"Le CFPC est une organisation \u00e0 but non-lucratif qui s'assure que ceux qui travaillent dans l'\u00e9ducation de la sant\u00e9 aient acc\u00e8s \u00e0 des cours accr\u00e9dit\u00e9s de m\u00e9decine afin qu'ils puissent offrir des soins actuels et \u00e9clair\u00e9s.","og_url":"https:\/\/www.ccpe-cfpc.org\/fr\/our-history\/","og_site_name":"CCPE-CFPC","article_modified_time":"2025-02-24T19:17:41+00:00","twitter_card":"summary_large_image","twitter_misc":{"Dur\u00e9e de lecture estim\u00e9e":"3 minutes"},"schema":{"@context":"https:\/\/schema.org","@graph":[{"@type":"WebPage","@id":"https:\/\/www.ccpe-cfpc.org\/fr\/our-history\/","url":"https:\/\/www.ccpe-cfpc.org\/fr\/our-history\/","name":"Tout savoir sur le Conseil de formation pharmaceutique continue (CFPC)","isPartOf":{"@id":"https:\/\/www.ccpe-cfpc.org\/en\/#website"},"datePublished":"2019-01-03T15:30:11+00:00","dateModified":"2025-02-24T19:17:41+00:00","description":"Le CFPC est une organisation \u00e0 but non-lucratif qui s'assure que ceux qui travaillent dans l'\u00e9ducation de la sant\u00e9 aient acc\u00e8s \u00e0 des cours accr\u00e9dit\u00e9s de m\u00e9decine afin qu'ils puissent offrir des soins actuels et \u00e9clair\u00e9s.","breadcrumb":{"@id":"https:\/\/www.ccpe-cfpc.org\/fr\/our-history\/#breadcrumb"},"inLanguage":"fr-FR","potentialAction":[{"@type":"ReadAction","target":["https:\/\/www.ccpe-cfpc.org\/fr\/our-history\/"]}]},{"@type":"BreadcrumbList","@id":"https:\/\/www.ccpe-cfpc.org\/fr\/our-history\/#breadcrumb","itemListElement":[{"@type":"ListItem","position":1,"name":"Home","item":"https:\/\/www.ccpe-cfpc.org\/fr\/"},{"@type":"ListItem","position":2,"name":"Notre histoire"}]},{"@type":"WebSite","@id":"https:\/\/www.ccpe-cfpc.org\/en\/#website","url":"https:\/\/www.ccpe-cfpc.org\/en\/","name":"CCPE-CFPC","description":"","potentialAction":[{"@type":"SearchAction","target":{"@type":"EntryPoint","urlTemplate":"https:\/\/www.ccpe-cfpc.org\/en\/?s={search_term_string}"},"query-input":{"@type":"PropertyValueSpecification","valueRequired":true,"valueName":"search_term_string"}}],"inLanguage":"fr-FR"}]}},"_links":{"self":[{"href":"https:\/\/www.ccpe-cfpc.org\/fr\/wp-json\/wp\/v2\/pages\/10875","targetHints":{"allow":["GET"]}}],"collection":[{"href":"https:\/\/www.ccpe-cfpc.org\/fr\/wp-json\/wp\/v2\/pages"}],"about":[{"href":"https:\/\/www.ccpe-cfpc.org\/fr\/wp-json\/wp\/v2\/types\/page"}],"author":[{"embeddable":true,"href":"https:\/\/www.ccpe-cfpc.org\/fr\/wp-json\/wp\/v2\/users\/9"}],"replies":[{"embeddable":true,"href":"https:\/\/www.ccpe-cfpc.org\/fr\/wp-json\/wp\/v2\/comments?post=10875"}],"version-history":[{"count":0,"href":"https:\/\/www.ccpe-cfpc.org\/fr\/wp-json\/wp\/v2\/pages\/10875\/revisions"}],"wp:attachment":[{"href":"https:\/\/www.ccpe-cfpc.org\/fr\/wp-json\/wp\/v2\/media?parent=10875"}],"curies":[{"name":"wp","href":"https:\/\/api.w.org\/{rel}","templated":true}]}}